{"id":54458,"date":"2026-08-21T13:09:04","date_gmt":"2026-08-21T13:09:04","guid":{"rendered":"https:\/\/zonaimmo.com\/viviendas-costa-brava\/%property_action_category%\/%property_city%\/%property_area%\/%property_category%\/54458\/"},"modified":"2026-08-21T14:09:51","modified_gmt":"2026-08-21T14:09:51","slug":"apartament-amb-piscina-comunitaria","status":"publish","type":"estate_property","link":"https:\/\/zonaimmo.com\/fr\/biens-costa-brava\/a-vendre\/lescala-fr\/camp-dels-pilans\/appartement-avec-piscine\/54458\/","title":{"rendered":"Appartement avec piscine commune"},"content":{"rendered":"<p>Appartement \u00e0 vendre \u00e0 L\u2019ESCALA \u2013 Camp dels Pilans<\/p>\n<p>Appartement impeccable, situ\u00e9 \u00e0 Camp dels Pilans \u2013 Les Corts, un quartier r\u00e9sidentiel calme de L\u2019Escala, \u00e0 seulement 600 m\u00e8tres des plages d\u2019Emp\u00faries.<\/p>\n<p>L\u2019appartement, situ\u00e9 au deuxi\u00e8me \u00e9tage avec ascenseur, comprend\u00a0:<\/p>\n<p>&#8211;\u00a0 2 chambres doubles<br \/>\n&#8211; 1 salle de bain compl\u00e8te avec baignoire<br \/>\n&#8211; Cuisine \u00e9quip\u00e9e avec acc\u00e8s \u00e0 un balcon<br \/>\n&#8211; S\u00e9jour\/salle \u00e0 manger avec acc\u00e8s \u00e0 une terrasse<br \/>\n&#8211; Terrasse avec vue<br \/>\n&#8211; Climatisation<br \/>\n&#8211; Meubl\u00e9<br \/>\n&#8211; Place de parking int\u00e9rieure<\/p>\n<p>La r\u00e9sidence dispose d\u2019un jardin et d\u2019une piscine communs, parfaits pour profiter des beaux jours.<\/p>\n<p>De plus, des supermarch\u00e9s et des stations-service se trouvent \u00e0 environ 100 m\u00e8tres, offrant commodit\u00e9s et services \u00e0 proximit\u00e9.<\/p>\n<p>Une belle opportunit\u00e9 d\u2019acqu\u00e9rir un appartement pr\u00e8s de la mer, dans un environnement calme, avec piscine et parking.<\/p>\n","protected":false},"excerpt":{"rendered":"<p>Appartement \u00e0 vendre \u00e0 L\u2019ESCALA \u2013 Camp dels Pilans Appartement impeccable, situ\u00e9 \u00e0 Camp dels Pilans \u2013 Les Corts, un quartier r\u00e9sidentiel calme de L\u2019Escala, \u00e0 seulement 600 m\u00e8tres des plages d\u2019Emp\u00faries. L\u2019appartement, situ\u00e9 au deuxi\u00e8me \u00e9tage avec ascenseur, comprend\u00a0: &#8211;\u00a0 2 chambres doubles &#8211; 1 salle de bain compl\u00e8te avec baignoire &#8211; Cuisine \u00e9quip\u00e9e avec acc\u00e8s \u00e0 un balcon &#8211; S\u00e9jour\/salle \u00e0 manger &#8230;<\/p>\n","protected":false},"featured_media":54366,"comment_status":"closed","ping_status":"closed","template":"","property_category":[77],"property_action_category":[101],"property_city":[107],"property_area":[313],"property_county_state":[],"property_features":[149,155,158,164,170,173,152,206,182,180,185],"property_status":[191],"class_list":["post-54458","estate_property","type-estate_property","status-publish","has-post-thumbnail","hentry","property_category-appartement-avec-piscine","property_action_category-a-vendre","property_city-lescala-fr","property_area-camp-dels-pilans","property_features-air-conditione","property_features-ascenseur","property_features-balcon-fr","property_features-chauffage","property_features-cuisine-equipee","property_features-jardin-fr","property_features-meuble","property_features-parking-garage-fr","property_features-piscine","property_features-piscine-privee","property_features-terrasse","property_status-nouveau"],"_links":{"self":[{"href":"https:\/\/zonaimmo.com\/fr\/wp-json\/wp\/v2\/estate_property\/54458","targetHints":{"allow":["GET"]}}],"collection":[{"href":"https:\/\/zonaimmo.com\/fr\/wp-json\/wp\/v2\/estate_property"}],"about":[{"href":"https:\/\/zonaimmo.com\/fr\/wp-json\/wp\/v2\/types\/estate_property"}],"replies":[{"embeddable":true,"href":"https:\/\/zonaimmo.com\/fr\/wp-json\/wp\/v2\/comments?post=54458"}],"wp:featuredmedia":[{"embeddable":true,"href":"https:\/\/zonaimmo.com\/fr\/wp-json\/wp\/v2\/media\/54366"}],"wp:attachment":[{"href":"https:\/\/zonaimmo.com\/fr\/wp-json\/wp\/v2\/media?parent=54458"}],"wp:term":[{"taxonomy":"property_category","embeddable":true,"href":"https:\/\/zonaimmo.com\/fr\/wp-json\/wp\/v2\/property_category?post=54458"},{"taxonomy":"property_action_category","embeddable":true,"href":"https:\/\/zonaimmo.com\/fr\/wp-json\/wp\/v2\/property_action_category?post=54458"},{"taxonomy":"property_city","embeddable":true,"href":"https:\/\/zonaimmo.com\/fr\/wp-json\/wp\/v2\/property_city?post=54458"},{"taxonomy":"property_area","embeddable":true,"href":"https:\/\/zonaimmo.com\/fr\/wp-json\/wp\/v2\/property_area?post=54458"},{"taxonomy":"property_county_state","embeddable":true,"href":"https:\/\/zonaimmo.com\/fr\/wp-json\/wp\/v2\/property_county_state?post=54458"},{"taxonomy":"property_features","embeddable":true,"href":"https:\/\/zonaimmo.com\/fr\/wp-json\/wp\/v2\/property_features?post=54458"},{"taxonomy":"property_status","embeddable":true,"href":"https:\/\/zonaimmo.com\/fr\/wp-json\/wp\/v2\/property_status?post=54458"}],"curies":[{"name":"wp","href":"https:\/\/api.w.org\/{rel}","templated":true}]}}