{"id":54637,"date":"2026-08-28T14:29:45","date_gmt":"2026-08-28T14:29:45","guid":{"rendered":"https:\/\/zonaimmo.com\/viviendas-costa-brava\/%property_action_category%\/%property_city%\/%property_area%\/%property_category%\/54637\/"},"modified":"2026-08-28T14:44:20","modified_gmt":"2026-08-28T14:44:20","slug":"apartamento-con-vistas-al-mar-a-100-m-de-la-playa","status":"publish","type":"estate_property","link":"https:\/\/zonaimmo.com\/fr\/biens-costa-brava\/a-vendre\/lescala-fr\/riells-fr\/appartement\/54637\/","title":{"rendered":"Appartement vu sur mer a 100 m de la plage"},"content":{"rendered":"<p><strong>Studio r\u00e9nov\u00e9 \u00e0 RIELLS avec vue sur la mer \u2013 \u00c0 seulement 100 m\u00e8tres de la plage<\/strong><\/p>\n<p>Il y a des petits biens immobiliers qui s\u00e9duisent avant tout par leur emplacement. Ce studio en est un excellent exemple.<\/p>\n<p>Situ\u00e9 au c\u0153ur de Riells, \u00e0 seulement 100 m\u00e8tres de la plage et de la promenade maritime, ce studio de 21 m\u00b2 a \u00e9t\u00e9 r\u00e9nov\u00e9 afin d\u2019offrir un espace pratique, fonctionnel et pr\u00eat \u00e0 emm\u00e9nager.<\/p>\n<p>Le logement se compose d\u2019une pi\u00e8ce unique int\u00e9grant le s\u00e9jour, la cuisine et l\u2019espace nuit, ainsi que d\u2019une salle de bains compl\u00e8te. Il dispose \u00e9galement d\u2019un petit balcon qui apporte de la lumi\u00e8re naturelle et permet de profiter d\u2019une agr\u00e9able vue sur la mer, un d\u00e9tail qui donne du caract\u00e8re au logement.<\/p>\n<p><strong>Les atouts de ce bien :<\/strong><\/p>\n<ul>\n<li>Studio r\u00e9nov\u00e9.<\/li>\n<li>Vue sur la mer.<\/li>\n<li>\u00c0 seulement 100 m\u00e8tres de la plage de Riells.<\/li>\n<li>\u00c0 proximit\u00e9 imm\u00e9diate des commerces, restaurants et de tous les services.<\/li>\n<li>Grande zone de stationnement \u00e0 seulement 10 m\u00e8tres de l\u2019immeuble.<\/li>\n<\/ul>\n<p>Une option id\u00e9ale comme r\u00e9sidence secondaire, pour profiter des week-ends sur la Costa Brava ou comme investissement dans l\u2019un des secteurs les plus recherch\u00e9s de L\u2019Escala.<\/p>\n<p><strong>Petit par sa superficie. Grand par son emplacement.<\/strong><\/p>\n","protected":false},"excerpt":{"rendered":"<p>Studio r\u00e9nov\u00e9 \u00e0 RIELLS avec vue sur la mer \u2013 \u00c0 seulement 100 m\u00e8tres de la plage Il y a des petits biens immobiliers qui s\u00e9duisent avant tout par leur emplacement. Ce studio en est un excellent exemple. Situ\u00e9 au c\u0153ur de Riells, \u00e0 seulement 100 m\u00e8tres de la plage et de la promenade maritime, ce studio de 21 m\u00b2 a \u00e9t\u00e9 r\u00e9nov\u00e9 afin &#8230;<\/p>\n","protected":false},"featured_media":54644,"comment_status":"closed","ping_status":"closed","template":"","property_category":[74],"property_action_category":[101],"property_city":[107],"property_area":[130],"property_county_state":[],"property_features":[158,170,203,188],"property_status":[200],"class_list":["post-54637","estate_property","type-estate_property","status-publish","has-post-thumbnail","hentry","property_category-appartement","property_action_category-a-vendre","property_city-lescala-fr","property_area-riells-fr","property_features-balcon-fr","property_features-cuisine-equipee","property_features-cuisine-ouverte","property_features-vue-sur-mer","property_status-vendu"],"_links":{"self":[{"href":"https:\/\/zonaimmo.com\/fr\/wp-json\/wp\/v2\/estate_property\/54637","targetHints":{"allow":["GET"]}}],"collection":[{"href":"https:\/\/zonaimmo.com\/fr\/wp-json\/wp\/v2\/estate_property"}],"about":[{"href":"https:\/\/zonaimmo.com\/fr\/wp-json\/wp\/v2\/types\/estate_property"}],"replies":[{"embeddable":true,"href":"https:\/\/zonaimmo.com\/fr\/wp-json\/wp\/v2\/comments?post=54637"}],"wp:featuredmedia":[{"embeddable":true,"href":"https:\/\/zonaimmo.com\/fr\/wp-json\/wp\/v2\/media\/54644"}],"wp:attachment":[{"href":"https:\/\/zonaimmo.com\/fr\/wp-json\/wp\/v2\/media?parent=54637"}],"wp:term":[{"taxonomy":"property_category","embeddable":true,"href":"https:\/\/zonaimmo.com\/fr\/wp-json\/wp\/v2\/property_category?post=54637"},{"taxonomy":"property_action_category","embeddable":true,"href":"https:\/\/zonaimmo.com\/fr\/wp-json\/wp\/v2\/property_action_category?post=54637"},{"taxonomy":"property_city","embeddable":true,"href":"https:\/\/zonaimmo.com\/fr\/wp-json\/wp\/v2\/property_city?post=54637"},{"taxonomy":"property_area","embeddable":true,"href":"https:\/\/zonaimmo.com\/fr\/wp-json\/wp\/v2\/property_area?post=54637"},{"taxonomy":"property_county_state","embeddable":true,"href":"https:\/\/zonaimmo.com\/fr\/wp-json\/wp\/v2\/property_county_state?post=54637"},{"taxonomy":"property_features","embeddable":true,"href":"https:\/\/zonaimmo.com\/fr\/wp-json\/wp\/v2\/property_features?post=54637"},{"taxonomy":"property_status","embeddable":true,"href":"https:\/\/zonaimmo.com\/fr\/wp-json\/wp\/v2\/property_status?post=54637"}],"curies":[{"name":"wp","href":"https:\/\/api.w.org\/{rel}","templated":true}]}}